{"id":4483,"date":"2021-03-16T16:47:11","date_gmt":"2021-03-16T15:47:11","guid":{"rendered":"http:\/\/www.epefrance.org\/?page_id=4483"},"modified":"2022-09-19T14:58:09","modified_gmt":"2022-09-19T13:58:09","slug":"ensino-do-portugues-nas-associacoes","status":"publish","type":"page","link":"https:\/\/www.epefrance.org\/fr\/ensino-do-portugues-nas-associacoes\/","title":{"rendered":"Ensino do Portugu\u00eas nas Associa\u00e7\u00f5es"},"content":{"rendered":"<p style=\"text-align: center;\"><span style=\"color: #b50027;\"><span style=\"caret-color: #b50027;\"><b>Cursos de Portugu\u00eas nas Associa\u00e7\u00f5es<\/b><\/span><\/span><\/p>\n<p style=\"text-align: left;\"><strong><br \/>\n<\/strong>O Cam\u00f5es I.P. coloca professores em associa\u00e7\u00f5es para lecionar cursos de portugu\u00eas em localidades onde n\u00e3o existe nos <em>coll\u00e8ges<\/em> e <em>lyc\u00e9es<\/em>. Os programas lecionados nestes cursos seguem o quadro europeu comum de refer\u00eancia para as l\u00ednguas (CECRL). Os alunos podem obter um certificado de n\u00edvel de profici\u00eancia de l\u00edngua reconhecido oficialmente na Europa, realizando um exame de certifica\u00e7\u00e3o. Estes exames s\u00e3o da responsabilidade do Cam\u00f5es I.P. e do Minist\u00e9rio da educa\u00e7\u00e3o portugu\u00eas e realizam-se anualmente em Fran\u00e7a, nas regi\u00f5es onde h\u00e1 candidatos.<\/p>\n<p style=\"text-align: center;\"><strong>Clicar para consultar a lista dos:<\/strong>\u00a0<a href=\"https:\/\/www.epefrance.org\/wp-content\/uploads\/2022\/09\/Rede_Cursos_AES_2022-23.pdf\" target=\"_blank\" rel=\"noopener\">Cursos de Portugu\u00eas nas associa\u00e7\u00f5es<\/a><\/p>\n","protected":false},"excerpt":{"rendered":"<p>Cursos de Portugu\u00eas nas Associa\u00e7\u00f5es O Cam\u00f5es I.P. coloca professores em associa\u00e7\u00f5es para lecionar cursos de portugu\u00eas em localidades onde n\u00e3o existe nos coll\u00e8ges e lyc\u00e9es. Os programas lecionados nestes cursos seguem o quadro europeu comum de refer\u00eancia para as l\u00ednguas (CECRL). Os alunos podem obter um certificado de n\u00edvel de profici\u00eancia de l\u00edngua reconhecido [&hellip;]<\/p>\n","protected":false},"author":4,"featured_media":0,"parent":0,"menu_order":0,"comment_status":"closed","ping_status":"closed","template":"","meta":{"_acf_changed":false,"footnotes":""},"class_list":["post-4483","page","type-page","status-publish","hentry"],"acf":[],"_links":{"self":[{"href":"https:\/\/www.epefrance.org\/fr\/wp-json\/wp\/v2\/pages\/4483","targetHints":{"allow":["GET"]}}],"collection":[{"href":"https:\/\/www.epefrance.org\/fr\/wp-json\/wp\/v2\/pages"}],"about":[{"href":"https:\/\/www.epefrance.org\/fr\/wp-json\/wp\/v2\/types\/page"}],"author":[{"embeddable":true,"href":"https:\/\/www.epefrance.org\/fr\/wp-json\/wp\/v2\/users\/4"}],"replies":[{"embeddable":true,"href":"https:\/\/www.epefrance.org\/fr\/wp-json\/wp\/v2\/comments?post=4483"}],"version-history":[{"count":11,"href":"https:\/\/www.epefrance.org\/fr\/wp-json\/wp\/v2\/pages\/4483\/revisions"}],"predecessor-version":[{"id":6011,"href":"https:\/\/www.epefrance.org\/fr\/wp-json\/wp\/v2\/pages\/4483\/revisions\/6011"}],"wp:attachment":[{"href":"https:\/\/www.epefrance.org\/fr\/wp-json\/wp\/v2\/media?parent=4483"}],"curies":[{"name":"wp","href":"https:\/\/api.w.org\/{rel}","templated":true}]}}