{"id":6438,"date":"2026-03-03T16:23:35","date_gmt":"2026-03-03T16:23:35","guid":{"rendered":"http:\/\/www.epefrance.org\/?page_id=6438"},"modified":"2026-03-04T10:08:34","modified_gmt":"2026-03-04T10:08:34","slug":"ensino-a-distancia","status":"publish","type":"page","link":"https:\/\/www.epefrance.org\/fr\/ensino-a-distancia\/","title":{"rendered":"Ensino a dist\u00e2ncia (EAD) &#8211; Ano letivo 2026\/2027"},"content":{"rendered":"<p>&nbsp;<\/p>\r\n<p><img loading=\"lazy\" decoding=\"async\" class=\"aligncenter wp-image-7477\" src=\"https:\/\/www.epefrance.org\/wp-content\/uploads\/2025\/03\/Eu_falo_portugues-removebg-preview.png\" alt=\"\" width=\"252\" height=\"325\" srcset=\"https:\/\/www.epefrance.org\/wp-content\/uploads\/2025\/03\/Eu_falo_portugues-removebg-preview.png 440w, https:\/\/www.epefrance.org\/wp-content\/uploads\/2025\/03\/Eu_falo_portugues-removebg-preview-233x300.png 233w\" sizes=\"auto, (max-width: 252px) 100vw, 252px\" \/><\/p>\r\n<p style=\"font-weight: 400;\"><span style=\"color: #000000;\">Com cerca de 260 milh\u00f5es de falantes, a l\u00edngua portuguesa \u00e9 uma das dez l\u00ednguas mais faladas no mundo.<\/span><\/p>\r\n<p>A Coordena\u00e7\u00e3o do Ensino Portugu\u00eas em Fran\u00e7a \u00e9 respons\u00e1vel pela divulga\u00e7\u00e3o da l\u00edngua portuguesa neste pa\u00eds, promovendo cursos em localidades perto de si.<\/p>\r\n<!-- \/wp:post-content -->\r\n\r\n<!-- wp:paragraph -->\r\n<p>O dispositivo de <strong>ensino a dist\u00e2ncia (EAD) em Fran\u00e7a<\/strong> visa dar resposta \u00e0 crescente procura de aulas de portugu\u00eas atrav\u00e9s de uma forte aposta na digitaliza\u00e7\u00e3o do Ensino Portugu\u00eas no Estrangeiro (EPE), proporcionando novas formas de ensino colaborativo e digital, enquadradas na promo\u00e7\u00e3o do desenvolvimento de um ecossistema educativo digital de conte\u00fados, ferramentas, servi\u00e7os, plataformas digitais e equipamentos.<\/p>\r\n<p>&nbsp;<\/p>\r\n<!-- \/wp:paragraph -->\r\n\r\n<!-- wp:paragraph \/-->\r\n\r\n<!-- wp:heading -->\r\n<h3 class=\"wp-block-heading\">Inscri\u00e7\u00f5es<\/h3>\r\n<!-- \/wp:heading -->\r\n\r\n<!-- wp:paragraph -->\r\n<p>Pode inscrever um ou mais dos seus educandos. A inscri\u00e7\u00e3o \u00e9 gratuita.<\/p>\r\n<p><strong>A primeira fase de inscri\u00e7\u00f5es est\u00e1 aberta e decorre at\u00e9 ao dia 30 de maio.<\/strong><\/p>\r\n<p style=\"font-weight: 400;\"><strong><u>Passo 1<\/u><\/strong>: Aceda \u00e0 plataforma EPE Digital (<a href=\"http:\/\/epe.instituto-camoes.pt\/inscricao\">http:\/\/epe.instituto-camoes.pt\/inscricao<\/a>) clique em \u201cinscrever\u201d e preencha o formul\u00e1rio, inscrevendo o seu educando na turma:\u00a0 <strong>75\/Paris\/EAD Paris.<\/strong><\/p>\r\n<p style=\"font-weight: 400;\"><strong><u>Passo 2<\/u><\/strong>: Aceda \u00e0 plataforma EPE digital, com as credenciais criadas (nome de utilizador = e-mail do encarregado de educa\u00e7\u00e3o) e clique em \u201cValidar a inscri\u00e7\u00e3o\u201d.<\/p>\r\n<p>Nota: Esta inscri\u00e7\u00e3o ser\u00e1 confirmada, posteriormente, pela Coordena\u00e7\u00e3o do Ensino Portugu\u00eas no Estrangeiro em Fran\u00e7a.<\/p>\r\n<p>&nbsp;<\/p>\r\n<h3 style=\"font-weight: 400;\"><strong>Posso inscrever-me mais tarde?<\/strong><\/h3>\r\n<p style=\"font-weight: 400;\">N\u00e3o. As turmas e os hor\u00e1rios dos professores para o ano letivo 2026\/2027 ser\u00e3o elaborados em junho, na sequ\u00eancia da inscri\u00e7\u00e3o.<\/p>\r\n<p>&nbsp;<\/p>\r\n<h3 style=\"font-weight: 400;\"><strong>O que s\u00e3o cursos EAD?<\/strong><\/h3>\r\n<p style=\"font-weight: 400;\">EAD significa <em>Ensino a Dist\u00e2ncia<\/em>, portanto, s\u00e3o cursos de l\u00edngua e cultura portuguesas lecionados <em>online.<\/em> As aulas decorrem em plataforma digital, mantendo os programas do ensino presencial, ou seja, os Programas Cam\u00f5es (n\u00edveis QuaREPE).<\/p>\r\n<!-- \/wp:paragraph -->\r\n\r\n<!-- wp:heading -->\r\n<h3>\u00a0<\/h3>\r\n<h3 class=\"wp-block-heading\">Crit\u00e9rios de elegibilidade<\/h3>\r\n<!-- \/wp:heading -->\r\n\r\n<!-- wp:paragraph -->\r\n<p>Este dispositivo destina-se a alunos entre os 8 e os 17 anos. Os cursos EAD s\u00e3o uma oferta complementar aos cursos presenciais, portanto, apenas se pode inscrever se n\u00e3o tiver oferta de cursos presenciais na sua \u00e1rea de resid\u00eancia (a menos de <strong>80 km<\/strong>).<\/p>\r\n<!-- \/wp:paragraph -->\r\n\r\n<!-- wp:heading \/-->\r\n\r\n<!-- wp:heading -->\r\n<p>&nbsp;<\/p>\r\n<h3 style=\"font-weight: 400;\"><strong>O que s\u00e3o os n\u00edveis de l\u00edngua?<\/strong><\/h3>\r\n<p style=\"font-weight: 400;\">Os n\u00edveis A1, A2, B1, B2 e C1 est\u00e3o definidos no QuaREPE (Quadro de Refer\u00eancia para o Ensino Portugu\u00eas no Estrangeiro) e s\u00e3o indicadores do que os aprendentes s\u00e3o capazes de fazer em diferentes contextos de uso da l\u00edngua.<\/p>\r\n<h3 class=\"wp-block-heading\">N\u00edveis de l\u00edngua<\/h3>\r\n<!-- \/wp:heading -->\r\n\r\n<!-- wp:paragraph -->\r\n<p>Pode inscrever o seu educando num dos cinco n\u00edveis de profici\u00eancia seguintes:<\/p>\r\n<ul>\r\n<li><span style=\"color: #000000;\"><a style=\"color: #000000;\" href=\"https:\/\/www.instituto-camoes.pt\/images\/ProgramasEPE\/Alunos\/Programa_alunos_A1.pdf\" target=\"_blank\" rel=\"noopener\">A1 (n\u00edvel de inicia\u00e7\u00e3o)<\/a>;<\/span><\/li>\r\n<li><span style=\"color: #000000;\"><a style=\"color: #000000;\" href=\"https:\/\/www.instituto-camoes.pt\/images\/ProgramasEPE\/Alunos\/Programa_alunos_A2.pdf\" target=\"_blank\" rel=\"noopener\">A2 (n\u00edvel elementar)<\/a>;<\/span><\/li>\r\n<li><span style=\"color: #000000;\"><a style=\"color: #000000;\" href=\"https:\/\/www.instituto-camoes.pt\/images\/ProgramasEPE\/Alunos\/Programa_alunos_B1.pdf\" target=\"_blank\" rel=\"noopener\">B1 (n\u00edvel interm\u00e9dio)<\/a>;<\/span><\/li>\r\n<li><span style=\"color: #000000;\"><a style=\"color: #000000;\" href=\"https:\/\/www.instituto-camoes.pt\/images\/ProgramasEPE\/Alunos\/Programa_alunos_B2_C1.pdf\" target=\"_blank\" rel=\"noopener\">B2 (n\u00edvel de vantagem)<\/a>;<\/span><\/li>\r\n<li><span style=\"color: #000000;\"><a style=\"color: #000000;\" href=\"https:\/\/www.instituto-camoes.pt\/images\/ProgramasEPE\/Alunos\/Programa_alunos_B2_C1.pdf\" target=\"_blank\" rel=\"noopener\">C1 (n\u00edvel avan\u00e7ado)<\/a>.<\/span><\/li>\r\n<\/ul>\r\n<p>Para escolher o n\u00edvel para o seu educando, pode consultar os descritores para as compet\u00eancias Ouvir, Falar, Ler e Escrever da Grelha de Autoavalia\u00e7\u00e3o do n\u00edvel lingu\u00edstico:<\/p>\r\n<ul>\r\n<li><a href=\"https:\/\/www.epefrance.org\/wp-content\/uploads\/2024\/07\/Descritores_Competencias_PT.pdf\" target=\"_blank\" rel=\"noopener\">em portugu\u00eas<\/a><\/li>\r\n<li><a href=\"https:\/\/www.epefrance.org\/wp-content\/uploads\/2024\/07\/Descritores_Competencias_FR.pdf\" target=\"_blank\" rel=\"noopener\">em franc\u00eas<\/a><\/li>\r\n<\/ul>\r\n<!-- \/wp:paragraph -->\r\n\r\n<!-- wp:paragraph \/-->\r\n\r\n<!-- wp:paragraph -->\r\n<p>Pode consultar os programas EPE <a href=\"https:\/\/www.instituto-camoes.pt\/activity\/o-que-fazemos\/ensinar-portugues\/professorado\/programas-epe\" target=\"_blank\" rel=\"noopener\">aqui<\/a>.<\/p>\r\n<!-- \/wp:paragraph -->\r\n\r\n<!-- wp:paragraph -->\r\n<h3><strong>Consulte o folheto em <a href=\"https:\/\/www.epefrance.org\/wp-content\/uploads\/2026\/03\/FR_folheto-26_27_PT.pdf\" target=\"_blank\" rel=\"noopener\">Portugu\u00eas<\/a> ou em <a href=\"https:\/\/www.epefrance.org\/wp-content\/uploads\/2026\/03\/FR_folheto-26_27_FR.pdf\" target=\"_blank\" rel=\"noopener\">franc\u00eas<\/a>.<\/strong><\/h3>\r\n<!-- \/wp:paragraph -->\r\n\r\n<!-- wp:paragraph -->\r\n<p>Co\ufb01nanciado por:<\/p>\r\n<p><img loading=\"lazy\" decoding=\"async\" class=\"aligncenter wp-image-7465 size-full\" src=\"https:\/\/www.epefrance.org\/wp-content\/uploads\/2025\/03\/OEompete-2020.png\" alt=\"\" width=\"1000\" height=\"250\" srcset=\"https:\/\/www.epefrance.org\/wp-content\/uploads\/2025\/03\/OEompete-2020.png 1000w, https:\/\/www.epefrance.org\/wp-content\/uploads\/2025\/03\/OEompete-2020-300x75.png 300w, https:\/\/www.epefrance.org\/wp-content\/uploads\/2025\/03\/OEompete-2020-768x192.png 768w\" sizes=\"auto, (max-width: 1000px) 100vw, 1000px\" \/><\/p>","protected":false},"excerpt":{"rendered":"<p>&nbsp; Com cerca de 260 milh\u00f5es de falantes, a l\u00edngua portuguesa \u00e9 uma das dez l\u00ednguas mais faladas no mundo. A Coordena\u00e7\u00e3o do Ensino Portugu\u00eas em Fran\u00e7a \u00e9 respons\u00e1vel pela divulga\u00e7\u00e3o da l\u00edngua portuguesa neste pa\u00eds, promovendo cursos em localidades perto de si. O dispositivo de ensino a dist\u00e2ncia (EAD) em Fran\u00e7a visa dar resposta [&hellip;]<\/p>\n","protected":false},"author":1,"featured_media":6371,"parent":0,"menu_order":0,"comment_status":"closed","ping_status":"closed","template":"","meta":{"_acf_changed":false,"footnotes":""},"class_list":["post-6438","page","type-page","status-publish","has-post-thumbnail","hentry"],"acf":[],"_links":{"self":[{"href":"https:\/\/www.epefrance.org\/fr\/wp-json\/wp\/v2\/pages\/6438","targetHints":{"allow":["GET"]}}],"collection":[{"href":"https:\/\/www.epefrance.org\/fr\/wp-json\/wp\/v2\/pages"}],"about":[{"href":"https:\/\/www.epefrance.org\/fr\/wp-json\/wp\/v2\/types\/page"}],"author":[{"embeddable":true,"href":"https:\/\/www.epefrance.org\/fr\/wp-json\/wp\/v2\/users\/1"}],"replies":[{"embeddable":true,"href":"https:\/\/www.epefrance.org\/fr\/wp-json\/wp\/v2\/comments?post=6438"}],"version-history":[{"count":51,"href":"https:\/\/www.epefrance.org\/fr\/wp-json\/wp\/v2\/pages\/6438\/revisions"}],"predecessor-version":[{"id":7870,"href":"https:\/\/www.epefrance.org\/fr\/wp-json\/wp\/v2\/pages\/6438\/revisions\/7870"}],"wp:featuredmedia":[{"embeddable":true,"href":"https:\/\/www.epefrance.org\/fr\/wp-json\/wp\/v2\/media\/6371"}],"wp:attachment":[{"href":"https:\/\/www.epefrance.org\/fr\/wp-json\/wp\/v2\/media?parent=6438"}],"curies":[{"name":"wp","href":"https:\/\/api.w.org\/{rel}","templated":true}]}}